{"id":3833,"date":"2022-09-05T20:22:32","date_gmt":"2022-09-05T20:22:32","guid":{"rendered":"http:\/\/sp6.mikolow.eu\/?page_id=3833"},"modified":"2025-04-15T07:00:58","modified_gmt":"2025-04-15T07:00:58","slug":"godziny-dostepnosci","status":"publish","type":"page","link":"https:\/\/sp6.mikolow.eu\/index.php\/godziny-dostepnosci\/","title":{"rendered":"Godziny dost\u0119pno\u015bci"},"content":{"rendered":"<table style=\"height: 423px; width: 82.1956%;\" width=\"90.3187%\">\n<tbody>\n<tr style=\"height: 2px;\">\n<td style=\"width: 42.2727%; height: 37px; text-align: center; background-color: #56bd1e;\" width=\"281\"><span style=\"font-size: 14pt; color: #ffffff;\"><strong>NAUCZYCIEL<\/strong><\/span><\/td>\n<td style=\"width: 60.604%; height: 37px; text-align: center; background-color: #56bd1e;\" width=\"378\"><span style=\"font-size: 14pt; color: #ffffff;\"><strong>I P\u00d3\u0141ROCZE<\/strong><\/span><\/td>\n<\/tr>\n<tr style=\"height: 2px;\">\n<td style=\"width: 42.2727%; height: 10px;\" width=\"281\">mgr Magdalena G\u0142adzik<\/td>\n<td style=\"width: 60.604%; height: 10px;\" width=\"378\">urlop<\/td>\n<\/tr>\n<tr style=\"height: 2px;\">\n<td style=\"width: 42.2727%; height: 10px;\" width=\"281\">mgr Katarzyna Ambro\u017cy<\/td>\n<td style=\"width: 60.604%; height: 10px;\" width=\"378\">wtorek 10:45-11:45<\/td>\n<\/tr>\n<tr style=\"height: 2px;\">\n<td style=\"width: 42.2727%; height: 32px;\" width=\"281\">mgr Jadwiga Borowska<\/td>\n<td style=\"width: 60.604%; height: 32px;\" width=\"378\">\u015broda 13:40-14:10, pi\u0105tek 13:40-14:10<\/td>\n<\/tr>\n<tr style=\"height: 2px;\">\n<td style=\"width: 42.2727%; height: 10px;\" width=\"281\">mgr Patrycja Brol-\u017bywot<\/td>\n<td style=\"width: 60.604%; height: 10px;\" width=\"378\">wtorek 10:35-11:35<\/td>\n<\/tr>\n<tr style=\"height: 2px;\">\n<td style=\"width: 42.2727%; height: 10px;\" width=\"281\">mgr El\u017cbieta Cicho\u0144<\/td>\n<td style=\"width: 60.604%; height: 10px;\" width=\"378\">wtorek 8:50 &#8211; 9:50<\/td>\n<\/tr>\n<tr style=\"height: 2px;\">\n<td style=\"width: 42.2727%; height: 10px;\" width=\"281\">mgr Tadeusz Ciwis<\/td>\n<td style=\"width: 60.604%; height: 10px;\" width=\"378\">poniedzia\u0142ek 12:30-13:30<\/td>\n<\/tr>\n<tr style=\"height: 2px;\">\n<td style=\"width: 42.2727%; height: 10px;\" width=\"281\">mgr in\u017c. Magdalena Goliasz- Celder<\/td>\n<td style=\"width: 60.604%; height: 10px;\" width=\"378\">\u015broda 14:40- 15:30&nbsp;<\/td>\n<\/tr>\n<tr style=\"height: 2px;\">\n<td style=\"width: 42.2727%; height: 10px;\" width=\"281\">mgr Aneta Grymel<\/td>\n<td style=\"width: 60.604%; height: 10px;\" width=\"378\">&nbsp;<\/td>\n<\/tr>\n<tr style=\"height: 2px;\">\n<td style=\"width: 42.2727%; height: 12px;\" width=\"281\">mgr Tomasz Grzesik<\/td>\n<td style=\"width: 60.604%; height: 12px;\" width=\"378\">&nbsp;<\/td>\n<\/tr>\n<tr style=\"height: 2px;\">\n<td style=\"width: 42.2727%; height: 10px;\" width=\"281\">mgr \u017baneta Janik<\/td>\n<td style=\"width: 60.604%; height: 10px;\" width=\"378\">&nbsp;<\/td>\n<\/tr>\n<tr style=\"height: 2px;\">\n<td style=\"width: 42.2727%; height: 12px;\" width=\"281\">mgr Iwona Kirsz \u2013 K\u0105sek<\/td>\n<td style=\"width: 60.604%; height: 12px;\" width=\"378\">poniedzia\u0142ek&nbsp;15:30-16:00, wtorek&nbsp;12:45-13:15<\/td>\n<\/tr>\n<tr style=\"height: 2px;\">\n<td style=\"width: 42.2727%; height: 10px;\" width=\"281\">mgr Knapek Piotr<\/td>\n<td style=\"width: 60.604%; height: 10px;\" width=\"378\">\u015broda 16:20 &#8211; 17:20<\/td>\n<\/tr>\n<tr style=\"height: 2px;\">\n<td style=\"width: 42.2727%; height: 10px;\" width=\"281\">mgr Blandyna Ko\u0142odziej<\/td>\n<td style=\"width: 60.604%; height: 10px;\" width=\"378\">poniedzia\u0142ek 7:55-8:55<\/td>\n<\/tr>\n<tr style=\"height: 2px;\">\n<td style=\"width: 42.2727%; height: 10px;\" width=\"281\">mgr Ewa Kopacz<\/td>\n<td style=\"width: 60.604%; height: 10px;\" width=\"378\">wtorek 14:35 &#8211; 15:35<\/td>\n<\/tr>\n<tr style=\"height: 2px;\">\n<td style=\"width: 42.2727%; height: 10px;\" width=\"281\">mgr Barbara Kuropatwa<\/td>\n<td style=\"width: 60.604%; height: 10px;\" width=\"378\">pi\u0105tek 7:45-8:45<\/td>\n<\/tr>\n<tr style=\"height: 2px;\">\n<td style=\"width: 42.2727%; height: 10px;\" width=\"281\">mgr Marta Bogdanowicz<\/td>\n<td style=\"width: 60.604%; height: 10px;\" width=\"378\">wtorek 15:25-16:15<\/td>\n<\/tr>\n<tr style=\"height: 2px;\">\n<td style=\"width: 42.2727%; height: 10px;\" width=\"281\">mgr Ma\u0142gorzata Handzlik<\/td>\n<td style=\"width: 60.604%; height: 10px;\" width=\"378\">wtorek 14:35-15:35<\/td>\n<\/tr>\n<tr style=\"height: 2px;\">\n<td style=\"width: 42.2727%; height: 10px;\" width=\"281\">mgr Magdalena Matysek<\/td>\n<td style=\"width: 60.604%; height: 10px;\" width=\"378\">\u015broda 8:50-9:50<\/td>\n<\/tr>\n<tr style=\"height: 2px;\">\n<td style=\"width: 42.2727%; height: 10px;\" width=\"281\">mgr Magdalena Marmol<\/td>\n<td style=\"width: 60.604%; height: 10px;\" width=\"378\">&nbsp;<\/td>\n<\/tr>\n<tr style=\"height: 2px;\">\n<td style=\"width: 42.2727%; height: 10px;\" width=\"281\">lic. Justyna Marszolik<\/td>\n<td style=\"width: 60.604%; height: 10px;\" width=\"378\">pi\u0105tek 11:50-12:50<\/td>\n<\/tr>\n<tr style=\"height: 2px;\">\n<td style=\"width: 42.2727%; height: 10px;\" width=\"281\">mgr Ewa Michalczyk<\/td>\n<td style=\"width: 60.604%; height: 10px;\" width=\"378\">poniedzia\u0142ek 7:45 -8:45<\/td>\n<\/tr>\n<tr style=\"height: 2px;\">\n<td style=\"width: 42.2727%; height: 10px;\" width=\"281\">dr Przemys\u0142aw Noparlik<\/td>\n<td style=\"width: 60.604%; height: 10px;\" width=\"378\">wtorek 12:40-13:40<\/td>\n<\/tr>\n<tr style=\"height: 2px;\">\n<td style=\"width: 42.2727%; height: 10px;\" width=\"281\">mgr Zdzis\u0142awa Greinert<\/td>\n<td style=\"width: 60.604%; height: 10px;\" width=\"378\">pi\u0105tek 7:15 7:45<\/td>\n<\/tr>\n<tr style=\"height: 2px;\">\n<td style=\"width: 42.2727%; height: 10px;\" width=\"281\">mgr Anna Pawlak<\/td>\n<td style=\"width: 60.604%; height: 10px;\" width=\"378\">\u015broda 11:50-12:50<\/td>\n<\/tr>\n<tr style=\"height: 2px;\">\n<td style=\"width: 42.2727%; height: 10px;\" width=\"281\">ks. mgr Krzysztof P\u0142onka<\/td>\n<td style=\"width: 60.604%; height: 10px;\" width=\"378\">&nbsp;<\/td>\n<\/tr>\n<tr style=\"height: 2px;\">\n<td style=\"width: 42.2727%; height: 10px;\" width=\"281\">mgr Agnieszka Prokop-Brzozowska&nbsp;<\/td>\n<td style=\"width: 60.604%; height: 10px;\" width=\"378\">pi\u0105tek&nbsp;&nbsp;8:00-8:30<\/td>\n<\/tr>\n<tr style=\"height: 2px;\">\n<td style=\"width: 42.2727%; height: 10px;\" width=\"281\">mgr Anna Roj<\/td>\n<td style=\"width: 60.604%; height: 10px;\" width=\"378\">wtorek 15:30 -16:00, \u015broda&nbsp;10:35 -11:05<\/td>\n<\/tr>\n<tr style=\"height: 2px;\">\n<td style=\"width: 42.2727%; height: 10px;\" width=\"281\">mgr Monika Sikora<\/td>\n<td style=\"width: 60.604%; height: 10px;\" width=\"378\">&nbsp;<\/td>\n<\/tr>\n<tr style=\"height: 2px;\">\n<td style=\"width: 42.2727%; height: 10px;\" width=\"281\">mgr Danuta Szala<\/td>\n<td style=\"width: 60.604%; height: 10px;\" width=\"378\">\u015broda 16:15-16:45, czwartek 12:35-13:05<\/td>\n<\/tr>\n<tr style=\"height: 2px;\">\n<td style=\"width: 42.2727%; height: 10px;\" width=\"281\">mgr&nbsp; in\u017c. Karolina \u015anieg<\/td>\n<td style=\"width: 60.604%; height: 10px;\" width=\"378\">pi\u0105tek 9:00-10:00<\/td>\n<\/tr>\n<tr style=\"height: 2px;\">\n<td style=\"width: 42.2727%; height: 10px;\" width=\"281\">mgr Krzysztof Tuszy<\/td>\n<td style=\"width: 60.604%; height: 10px;\" width=\"378\">&nbsp;<\/td>\n<\/tr>\n<tr style=\"height: 2px;\">\n<td style=\"width: 42.2727%; height: 10px;\" width=\"281\">mgr Jolanta Walus<\/td>\n<td style=\"width: 60.604%; height: 10px;\" width=\"378\">pi\u0105tek 7:45-8:45<\/td>\n<\/tr>\n<tr style=\"height: 2px;\">\n<td style=\"width: 42.2727%; height: 10px;\" width=\"281\">mgr in\u017c. Dorota Weso\u0142owska<\/td>\n<td style=\"width: 60.604%; height: 10px;\" width=\"378\">\u015broda 8:45-9:45<\/td>\n<\/tr>\n<tr style=\"height: 2px;\">\n<td style=\"width: 42.2727%; height: 10px;\" width=\"281\">mgr Magdalena Wranik<\/td>\n<td style=\"width: 60.604%; height: 10px;\" width=\"378\">&nbsp;<\/td>\n<\/tr>\n<tr style=\"height: 2px;\">\n<td style=\"width: 42.2727%; height: 10px;\" width=\"281\">mgr Urszula Wr\u00f3bel<\/td>\n<td style=\"width: 60.604%; height: 10px;\" width=\"378\">\u015broda 15:25-16:25<\/td>\n<\/tr>\n<tr style=\"height: 2px;\">\n<td style=\"width: 42.2727%; height: 10px;\" width=\"281\">mgr Justyna Wycis\u0142o<\/td>\n<td style=\"width: 60.604%; height: 10px;\" width=\"378\">\u015broda 12:40-13:40<\/td>\n<\/tr>\n<\/tbody>\n<\/table>\n","protected":false},"excerpt":{"rendered":"<p>NAUCZYCIEL I P\u00d3\u0141ROCZE mgr Magdalena G\u0142adzik urlop mgr Katarzyna Ambro\u017cy wtorek 10:45-11:45 mgr Jadwiga Borowska \u015broda 13:40-14:10, pi\u0105tek 13:40-14:10 mgr Patrycja Brol-\u017bywot wtorek 10:35-11:35 mgr El\u017cbieta Cicho\u0144 wtorek 8:50 &#8211; 9:50 mgr Tadeusz Ciwis poniedzia\u0142ek 12:30-13:30 mgr in\u017c. Magdalena Goliasz- Celder \u015broda 14:40- 15:30&nbsp; mgr Aneta Grymel &nbsp; mgr Tomasz [&hellip;]<\/p>\n","protected":false},"author":1,"featured_media":0,"parent":0,"menu_order":0,"comment_status":"closed","ping_status":"closed","template":"","meta":{"ngg_post_thumbnail":0,"footnotes":""},"class_list":["post-3833","page","type-page","status-publish","hentry"],"_links":{"self":[{"href":"https:\/\/sp6.mikolow.eu\/index.php\/wp-json\/wp\/v2\/pages\/3833","targetHints":{"allow":["GET"]}}],"collection":[{"href":"https:\/\/sp6.mikolow.eu\/index.php\/wp-json\/wp\/v2\/pages"}],"about":[{"href":"https:\/\/sp6.mikolow.eu\/index.php\/wp-json\/wp\/v2\/types\/page"}],"author":[{"embeddable":true,"href":"https:\/\/sp6.mikolow.eu\/index.php\/wp-json\/wp\/v2\/users\/1"}],"replies":[{"embeddable":true,"href":"https:\/\/sp6.mikolow.eu\/index.php\/wp-json\/wp\/v2\/comments?post=3833"}],"version-history":[{"count":26,"href":"https:\/\/sp6.mikolow.eu\/index.php\/wp-json\/wp\/v2\/pages\/3833\/revisions"}],"predecessor-version":[{"id":7769,"href":"https:\/\/sp6.mikolow.eu\/index.php\/wp-json\/wp\/v2\/pages\/3833\/revisions\/7769"}],"wp:attachment":[{"href":"https:\/\/sp6.mikolow.eu\/index.php\/wp-json\/wp\/v2\/media?parent=3833"}],"curies":[{"name":"wp","href":"https:\/\/api.w.org\/{rel}","templated":true}]}}